{"id":2,"date":"2020-12-20T16:48:08","date_gmt":"2020-12-20T16:48:08","guid":{"rendered":"http:\/\/kpvs.forma.sk\/?page_id=2"},"modified":"2020-12-20T21:24:37","modified_gmt":"2020-12-20T21:24:37","slug":"home","status":"publish","type":"page","link":"http:\/\/kpvs.forma.sk\/","title":{"rendered":"Hlavn\u00e1 str\u00e1nka"},"content":{"rendered":"\t\t<div data-elementor-type=\"wp-page\" data-elementor-id=\"2\" class=\"elementor elementor-2\">\n\t\t\t\t\t\t<section class=\"elementor-section elementor-top-section elementor-element elementor-element-7b79954e elementor-section-boxed elementor-section-height-default elementor-section-height-default\" data-id=\"7b79954e\" data-element_type=\"section\">\n\t\t\t\t\t\t<div class=\"elementor-container elementor-column-gap-default\">\n\t\t\t\t\t<div class=\"elementor-column elementor-col-100 elementor-top-column elementor-element elementor-element-19f1bfe9\" data-id=\"19f1bfe9\" data-element_type=\"column\">\n\t\t\t<div class=\"elementor-widget-wrap elementor-element-populated\">\n\t\t\t\t\t\t<div class=\"elementor-element elementor-element-27a76aad elementor-widget elementor-widget-text-editor\" data-id=\"27a76aad\" data-element_type=\"widget\" data-widget_type=\"text-editor.default\">\n\t\t\t\t<div class=\"elementor-widget-container\">\n\t\t\t<style>\/*! elementor - v3.22.0 - 26-06-2024 *\/\n.elementor-widget-text-editor.elementor-drop-cap-view-stacked .elementor-drop-cap{background-color:#69727d;color:#fff}.elementor-widget-text-editor.elementor-drop-cap-view-framed .elementor-drop-cap{color:#69727d;border:3px solid;background-color:transparent}.elementor-widget-text-editor:not(.elementor-drop-cap-view-default) .elementor-drop-cap{margin-top:8px}.elementor-widget-text-editor:not(.elementor-drop-cap-view-default) .elementor-drop-cap-letter{width:1em;height:1em}.elementor-widget-text-editor .elementor-drop-cap{float:left;text-align:center;line-height:1;font-size:50px}.elementor-widget-text-editor .elementor-drop-cap-letter{display:inline-block}<\/style>\t\t\t\t<!-- wp:paragraph -->\n<p>Konfeder\u00e1cia politick\u00fdch v\u00e4z\u0148ov Slovenska, je nadstran\u00edckym ob\u010dianskym zdru\u017een\u00edm pod\u013ea z\u00e1kona 83\/1990\u00a0Zb. KPVS s\u00eddli v\u00a0Bratislave a p\u00f4sob\u00ed na celom \u00fazem\u00ed Slovenskej republiky.<\/p>\n<p>Zdru\u017euje b\u00fdval\u00fdch politick\u00fdch v\u00e4z\u0148ov a\u00a0ob\u010danov, ktor\u00fdch pr\u00e1va boli poru\u0161en\u00e9 totalitn\u00fdm re\u017eimom po\u010das vl\u00e1dy komunizmu tak, \u017ee bola ohrozen\u00e1 ich ob\u010dianska existencia ako aj ich rod\u00edn. Bol im znemo\u017enen\u00fd osobn\u00fd rast, boli pre svoje presved\u010denie a\u00a0n\u00e1zory i\u00a0za to, \u017ee sa postavili proti komunistick\u00e9mu re\u017eimu, prenasledovan\u00ed, protipr\u00e1vne v\u00e4zen\u00ed a ods\u00faden\u00ed. \u010clenmi KPVS sa m\u00f4\u017eu sta\u0165 ob\u010dania po dov\u0155\u0161en\u00ed 15\u00a0rokov veku, rehabilitovan\u00ed politick\u00ed v\u00e4zni a ich rodinn\u00ed pr\u00edslu\u0161n\u00edci, vyl\u00fa\u010den\u00ed zo \u0161k\u00f4l, reho\u013en\u00edci, vyvezen\u00ed z\u00a0kl\u00e1\u0161torov, vys\u0165ahovan\u00ed zo svojich domovov, zbaven\u00ed majetku a\u00a0ob\u010dianskych pr\u00e1v, ale aj t\u00ed, ktor\u00ed stratili zamestnanie. Osoby, ktor\u00e9 boli vo vy\u0161etrovacej v\u00e4zbe, pr\u00edslu\u0161n\u00edci Pomocn\u00fdch technick\u00fdch pr\u00e1porov (PTP) emigranti, \u013eudia zaraden\u00ed do t\u00e1borov n\u00faten\u00fdch pr\u00e1c, n\u00e1silne odvle\u010den\u00ed do b\u00fdval\u00e9ho ZSSR a ob\u010dania, ktor\u00ed chc\u00fa podporova\u0165 poslanie KPVS svoj\u00edm protikomunistick\u00fdm postojom.<br \/>\u00a0<br \/>Poslan\u00edm KPVS je usilova\u0165 sa a\u00a0vytv\u00e1ra\u0165 spolo\u010dnos\u0165 duchovne zdrav\u00fa, spravodliv\u00fa a soci\u00e1lne zabezpe\u010den\u00fa, usilova\u0165 sa o\u00a0n\u00e1pravu kr\u00edvd sp\u00f4soben\u00fdch za vl\u00e1dy komunizmu \u010dlenom a ich rodin\u00e1m, zachova\u0165 pamiatku nevinne ods\u00faden\u00fdch, zabezpe\u010dova\u0165 in\u0161talovanie pam\u00e4tn\u00fdch tab\u00fa\u013e, vies\u0165 a vychov\u00e1va\u0165 \u010dlenov v\u00a0duchu humanitn\u00fdch ide\u00e1lov \u013eudskej slobody a rozvoja demokracie.<br \/>\u00a0<br \/>T\u00e1to organiz\u00e1cia zbiera a archivuje dokumenty a s\u00fadne spisy v\u00a0spolupr\u00e1ci s\u00a0\u00dastavom pam\u00e4ti n\u00e1roda. Vyd\u00e1va \u010dasopis Na\u0161e svedectvo. Jeho poslan\u00edm je zhroma\u017e\u010fova\u0165 a publikova\u0165 dokumenty o\u00a0osudoch prenasledovan\u00fdch ob\u010danov Slovenska a\u00a0tak odkr\u00fdva\u0165 biele miesta hist\u00f3rie rokov 1948 \u2013 1989.<\/p>\n<!-- \/wp:paragraph -->\t\t\t\t\t\t<\/div>\n\t\t\t\t<\/div>\n\t\t\t\t\t<\/div>\n\t\t<\/div>\n\t\t\t\t\t<\/div>\n\t\t<\/section>\n\t\t\t\t<section class=\"elementor-section elementor-top-section elementor-element elementor-element-cb46197 elementor-section-boxed elementor-section-height-default elementor-section-height-default\" data-id=\"cb46197\" data-element_type=\"section\">\n\t\t\t\t\t\t<div class=\"elementor-container elementor-column-gap-default\">\n\t\t\t\t\t<div class=\"elementor-column elementor-col-50 elementor-top-column elementor-element elementor-element-f39b984\" data-id=\"f39b984\" data-element_type=\"column\">\n\t\t\t<div class=\"elementor-widget-wrap elementor-element-populated\">\n\t\t\t\t\t\t<div class=\"elementor-element elementor-element-635a355 elementor-widget elementor-widget-image\" data-id=\"635a355\" data-element_type=\"widget\" data-widget_type=\"image.default\">\n\t\t\t\t<div class=\"elementor-widget-container\">\n\t\t\t<style>\/*! elementor - v3.22.0 - 26-06-2024 *\/\n.elementor-widget-image{text-align:center}.elementor-widget-image a{display:inline-block}.elementor-widget-image a img[src$=\".svg\"]{width:48px}.elementor-widget-image img{vertical-align:middle;display:inline-block}<\/style>\t\t\t\t\t\t\t\t\t\t<img fetchpriority=\"high\" decoding=\"async\" width=\"466\" height=\"312\" src=\"http:\/\/kpvs.forma.sk\/wp-content\/uploads\/2020\/12\/ruzinov_2001.jpg\" class=\"attachment-large size-large wp-image-25\" alt=\"\" srcset=\"http:\/\/kpvs.forma.sk\/wp-content\/uploads\/2020\/12\/ruzinov_2001.jpg 466w, http:\/\/kpvs.forma.sk\/wp-content\/uploads\/2020\/12\/ruzinov_2001-300x201.jpg 300w\" sizes=\"(max-width: 466px) 100vw, 466px\" \/>\t\t\t\t\t\t\t\t\t\t\t\t\t<\/div>\n\t\t\t\t<\/div>\n\t\t\t\t\t<\/div>\n\t\t<\/div>\n\t\t\t\t<div class=\"elementor-column elementor-col-50 elementor-top-column elementor-element elementor-element-12b63c5\" data-id=\"12b63c5\" data-element_type=\"column\">\n\t\t\t<div class=\"elementor-widget-wrap elementor-element-populated\">\n\t\t\t\t\t\t<div class=\"elementor-element elementor-element-0d112d3 elementor-widget elementor-widget-text-editor\" data-id=\"0d112d3\" data-element_type=\"widget\" data-widget_type=\"text-editor.default\">\n\t\t\t\t<div class=\"elementor-widget-container\">\n\t\t\t\t\t\t\t<p>Na Slovensku bolo za \u00fadajn\u00e9 politick\u00e9 zlo\u010diny protipr\u00e1vne ods\u00faden\u00fdch vy\u0161e 70 tis\u00edc ob\u010danov. V\u0161etci boli rehabilitovan\u00ed pod\u013ea Z\u00e1kona 119\/1990 o s\u00fadnej rehabilit\u00e1cii. Komunistick\u00fd re\u017eim a jeho prisluhova\u010di pripravili ro\u013en\u00edkov o p\u00f4du, \u017eivnostn\u00edkov o dielni\u010dky, podnikate\u013eov o podniky, nesprivatizovan\u00e9 za korunu, reho\u013en\u00edkov vyhnali z kl\u00e1\u0161torov, veriacim sa pok\u00fasili vzia\u0165 vieru a pastierov, n\u00e1rodu slobodu. Preliata krv nevinn\u00fdch, utrpenie Va\u0161ich star\u00fdch rodi\u010dov, rodi\u010dov a pr\u00edbuzn\u00fdch varuje pred zabudnut\u00edm. Preto si s l\u00e1skou a hlbokou \u00fa\u010das\u0165ou spom\u00ednaj na t\u00fdch, ktor\u00ed sa zasl\u00fa\u017eili aj o Tvoju slobodu.\u00a0<a>\u00a0<\/a>Na Slovensku bolo v r. 1948-1989 popraven\u00fdch, zastrelen\u00fdch, umu\u010den\u00fdch 120 nevinn\u00fdch ob\u010danov.<\/p>\t\t\t\t\t\t<\/div>\n\t\t\t\t<\/div>\n\t\t\t\t\t<\/div>\n\t\t<\/div>\n\t\t\t\t\t<\/div>\n\t\t<\/section>\n\t\t\t\t<section class=\"elementor-section elementor-top-section elementor-element elementor-element-2564736 elementor-section-boxed elementor-section-height-default elementor-section-height-default\" data-id=\"2564736\" data-element_type=\"section\">\n\t\t\t\t\t\t<div class=\"elementor-container elementor-column-gap-default\">\n\t\t\t\t\t<div class=\"elementor-column elementor-col-50 elementor-top-column elementor-element elementor-element-1742bb0\" data-id=\"1742bb0\" data-element_type=\"column\">\n\t\t\t<div class=\"elementor-widget-wrap elementor-element-populated\">\n\t\t\t\t\t\t<div class=\"elementor-element elementor-element-24569a8 elementor-widget elementor-widget-text-editor\" data-id=\"24569a8\" data-element_type=\"widget\" data-widget_type=\"text-editor.default\">\n\t\t\t\t<div class=\"elementor-widget-container\">\n\t\t\t\t\t\t\t<p>Okrem t\u00fdchto mart\u00fdrov, ktor\u00fdch men\u00e1 s\u00fa zap\u00edsan\u00e9 do mramora, obetovali svoje \u017eivoty za slobodu aj \u010fal\u0161\u00ed v\u00e4zni v J\u00e1chymovsk\u00fdch baniach a\u00a0uholn\u00fdch rev\u00edroch v\u00a0\u010cech\u00e1ch a na Morave.<\/p>\t\t\t\t\t\t<\/div>\n\t\t\t\t<\/div>\n\t\t\t\t\t<\/div>\n\t\t<\/div>\n\t\t\t\t<div class=\"elementor-column elementor-col-50 elementor-top-column elementor-element elementor-element-c1e0ade\" data-id=\"c1e0ade\" data-element_type=\"column\">\n\t\t\t<div class=\"elementor-widget-wrap elementor-element-populated\">\n\t\t\t\t\t\t<div class=\"elementor-element elementor-element-d828c61 elementor-widget elementor-widget-image\" data-id=\"d828c61\" data-element_type=\"widget\" data-widget_type=\"image.default\">\n\t\t\t\t<div class=\"elementor-widget-container\">\n\t\t\t\t\t\t\t\t\t\t\t\t\t<img decoding=\"async\" width=\"457\" height=\"313\" src=\"http:\/\/kpvs.forma.sk\/wp-content\/uploads\/2020\/12\/tabula_v_hubovej.jpg\" class=\"attachment-large size-large wp-image-24\" alt=\"\" srcset=\"http:\/\/kpvs.forma.sk\/wp-content\/uploads\/2020\/12\/tabula_v_hubovej.jpg 457w, http:\/\/kpvs.forma.sk\/wp-content\/uploads\/2020\/12\/tabula_v_hubovej-300x205.jpg 300w\" sizes=\"(max-width: 457px) 100vw, 457px\" \/>\t\t\t\t\t\t\t\t\t\t\t\t\t<\/div>\n\t\t\t\t<\/div>\n\t\t\t\t\t<\/div>\n\t\t<\/div>\n\t\t\t\t\t<\/div>\n\t\t<\/section>\n\t\t\t\t<section class=\"elementor-section elementor-top-section elementor-element elementor-element-3e63f24 elementor-section-boxed elementor-section-height-default elementor-section-height-default\" data-id=\"3e63f24\" data-element_type=\"section\">\n\t\t\t\t\t\t<div class=\"elementor-container elementor-column-gap-default\">\n\t\t\t\t\t<div class=\"elementor-column elementor-col-100 elementor-top-column elementor-element elementor-element-377d683\" data-id=\"377d683\" data-element_type=\"column\">\n\t\t\t<div class=\"elementor-widget-wrap elementor-element-populated\">\n\t\t\t\t\t\t<div class=\"elementor-element elementor-element-f50857f elementor-widget elementor-widget-text-editor\" data-id=\"f50857f\" data-element_type=\"widget\" data-widget_type=\"text-editor.default\">\n\t\t\t\t<div class=\"elementor-widget-container\">\n\t\t\t\t\t\t\t<h5>KPVS chr\u00e1ni pam\u00e4\u0165 utrpenia n\u00e1roda;<\/h5>\n<ul>\n<li>mierni boles\u0165, sp\u00f4soben\u00fa dlhoro\u010dn\u00fdm \u00fatlakom komunistick\u00e9ho re\u017eimu;<\/li>\n<li>pom\u00e1ha odha\u013eova\u0165 v\u0161etky formy demag\u00f3gie a\u00a0lacn\u00e9ho populizmu;<\/li>\n<li>zjednocuje \u013eud\u00ed dobrej v\u00f4le, ochotn\u00fdch bojova\u0165 s\u00a0r\u00f4znymi formami n\u00e1silia;<\/li>\n<li>spolupracova\u0165 pri h\u013eadan\u00ed pravdivej interpret\u00e1cie dej\u00edn XX. storo\u010dia.<\/li>\n<\/ul>\t\t\t\t\t\t<\/div>\n\t\t\t\t<\/div>\n\t\t\t\t\t<\/div>\n\t\t<\/div>\n\t\t\t\t\t<\/div>\n\t\t<\/section>\n\t\t\t\t<\/div>\n\t\t","protected":false},"excerpt":{"rendered":"<p>Konfeder\u00e1cia politick\u00fdch v\u00e4z\u0148ov Slovenska, je nadstran\u00edckym ob\u010dianskym zdru\u017een\u00edm pod\u013ea z\u00e1kona 83\/1990\u00a0Zb. KPVS s\u00eddli v\u00a0Bratislave a p\u00f4sob\u00ed na celom \u00fazem\u00ed Slovenskej republiky. Zdru\u017euje b\u00fdval\u00fdch politick\u00fdch v\u00e4z\u0148ov a\u00a0ob\u010danov, ktor\u00fdch pr\u00e1va boli poru\u0161en\u00e9 totalitn\u00fdm re\u017eimom po\u010das vl\u00e1dy komunizmu tak, \u017ee bola ohrozen\u00e1 ich ob\u010dianska existencia ako aj ich rod\u00edn. Bol im znemo\u017enen\u00fd osobn\u00fd rast, boli pre svoje presved\u010denie &hellip;<\/p>\n<p class=\"read-more\"> <a class=\"\" href=\"http:\/\/kpvs.forma.sk\/\"> <span class=\"screen-reader-text\">Hlavn\u00e1 str\u00e1nka<\/span> Read More &raquo;<\/a><\/p>\n","protected":false},"author":1,"featured_media":0,"parent":0,"menu_order":0,"comment_status":"closed","ping_status":"closed","template":"elementor_header_footer","meta":{"_eb_attr":"","site-sidebar-layout":"no-sidebar","site-content-layout":"plain-container","ast-global-header-display":"","ast-main-header-display":"","ast-hfb-above-header-display":"","ast-hfb-below-header-display":"","ast-hfb-mobile-header-display":"","site-post-title":"","ast-breadcrumbs-content":"disabled","ast-featured-img":"disabled","footer-sml-layout":"","theme-transparent-header-meta":"default","adv-header-id-meta":"","stick-header-meta":"","header-above-stick-meta":"","header-main-stick-meta":"","header-below-stick-meta":"","footnotes":""},"class_list":["post-2","page","type-page","status-publish","hentry"],"_links":{"self":[{"href":"http:\/\/kpvs.forma.sk\/index.php\/wp-json\/wp\/v2\/pages\/2","targetHints":{"allow":["GET"]}}],"collection":[{"href":"http:\/\/kpvs.forma.sk\/index.php\/wp-json\/wp\/v2\/pages"}],"about":[{"href":"http:\/\/kpvs.forma.sk\/index.php\/wp-json\/wp\/v2\/types\/page"}],"author":[{"embeddable":true,"href":"http:\/\/kpvs.forma.sk\/index.php\/wp-json\/wp\/v2\/users\/1"}],"replies":[{"embeddable":true,"href":"http:\/\/kpvs.forma.sk\/index.php\/wp-json\/wp\/v2\/comments?post=2"}],"version-history":[{"count":21,"href":"http:\/\/kpvs.forma.sk\/index.php\/wp-json\/wp\/v2\/pages\/2\/revisions"}],"predecessor-version":[{"id":14173,"href":"http:\/\/kpvs.forma.sk\/index.php\/wp-json\/wp\/v2\/pages\/2\/revisions\/14173"}],"wp:attachment":[{"href":"http:\/\/kpvs.forma.sk\/index.php\/wp-json\/wp\/v2\/media?parent=2"}],"curies":[{"name":"wp","href":"https:\/\/api.w.org\/{rel}","templated":true}]}}